{"id":280,"date":"2020-06-15T10:17:04","date_gmt":"2020-06-15T08:17:04","guid":{"rendered":"http:\/\/centrale-beton-aquitaine.fr\/belin-beton\/?page_id=280"},"modified":"2023-06-02T16:21:07","modified_gmt":"2023-06-02T14:21:07","slug":"beton-pret-emploi-andernos","status":"publish","type":"page","link":"https:\/\/centrale-beton-aquitaine.fr\/belin-beton\/beton-pret-emploi-andernos\/","title":{"rendered":"B\u00e9ton pr\u00eat \u00e0 l&#8217;emploi Andernos"},"content":{"rendered":"<p>[et_pb_section fb_built=\u00a0\u00bb1&Prime; admin_label=\u00a0\u00bbHero\u00a0\u00bb _builder_version=\u00a0\u00bb4.21.0&Prime; use_background_color_gradient=\u00a0\u00bbon\u00a0\u00bb background_color_gradient_stops=\u00a0\u00bbrgba(0,0,0,0.5) 0%|rgba(0,0,0,0.4) 100%\u00a0\u00bb background_color_gradient_overlays_image=\u00a0\u00bbon\u00a0\u00bb background_color_gradient_start=\u00a0\u00bbrgba(0,0,0,0.5)\u00a0\u00bb background_color_gradient_end=\u00a0\u00bbrgba(0,0,0,0.4)\u00a0\u00bb background_image=\u00a0\u00bbhttps:\/\/centrale-beton-aquitaine.fr\/belin-beton\/wp-content\/uploads\/sites\/6\/2023\/05\/concrete-g5db4f47d7_1280.jpg\u00a0\u00bb custom_margin=\u00a0\u00bb|||\u00a0\u00bb custom_padding=\u00a0\u00bb100px||0px||false|false\u00a0\u00bb bottom_divider_style=\u00a0\u00bbslant\u00a0\u00bb bottom_divider_color=\u00a0\u00bb#ffffff\u00a0\u00bb bottom_divider_flip=\u00a0\u00bbhorizontal\u00a0\u00bb animation_style=\u00a0\u00bbslide\u00a0\u00bb animation_direction=\u00a0\u00bbtop\u00a0\u00bb animation_intensity_slide=\u00a0\u00bb5%\u00a0\u00bb animation_starting_opacity=\u00a0\u00bb100%\u00a0\u00bb global_colors_info=\u00a0\u00bb{}\u00a0\u00bb][et_pb_row column_structure=\u00a0\u00bb3_4,1_4&Prime; _builder_version=\u00a0\u00bb4.16&Prime; background_size=\u00a0\u00bbinitial\u00a0\u00bb background_position=\u00a0\u00bbtop_left\u00a0\u00bb background_repeat=\u00a0\u00bbrepeat\u00a0\u00bb custom_padding=\u00a0\u00bb27px|0px|0px|0px\u00a0\u00bb global_colors_info=\u00a0\u00bb{}\u00a0\u00bb][et_pb_column type=\u00a0\u00bb3_4&Prime; _builder_version=\u00a0\u00bb4.16&Prime; custom_padding=\u00a0\u00bb|||\u00a0\u00bb global_colors_info=\u00a0\u00bb{}\u00a0\u00bb custom_padding__hover=\u00a0\u00bb|||\u00a0\u00bb][et_pb_text admin_label=\u00a0\u00bbTitle\u00a0\u00bb _builder_version=\u00a0\u00bb4.21.0&Prime; text_font=\u00a0\u00bb||||||||\u00a0\u00bb header_font=\u00a0\u00bb|600|||||||\u00a0\u00bb header_line_height=\u00a0\u00bb1.2em\u00a0\u00bb background_layout=\u00a0\u00bbdark\u00a0\u00bb animation_style=\u00a0\u00bbzoom\u00a0\u00bb animation_direction=\u00a0\u00bbleft\u00a0\u00bb animation_intensity_zoom=\u00a0\u00bb10%\u00a0\u00bb header_font_size_phone=\u00a0\u00bb72px\u00a0\u00bb header_font_size_last_edited=\u00a0\u00bboff|desktop\u00a0\u00bb global_colors_info=\u00a0\u00bb{}\u00a0\u00bb]<\/p>\n<h1>B\u00e9ton pr\u00eat \u00e0 l&#8217;emploi<br \/>Andernos<\/h1>\n<p>[\/et_pb_text][et_pb_divider color=\u00a0\u00bbrgba(255,255,255,0.7)\u00a0\u00bb divider_weight=\u00a0\u00bb3px\u00a0\u00bb _builder_version=\u00a0\u00bb4.16&Prime; max_width=\u00a0\u00bb120px\u00a0\u00bb animation_style=\u00a0\u00bbzoom\u00a0\u00bb animation_direction=\u00a0\u00bbleft\u00a0\u00bb global_colors_info=\u00a0\u00bb{}\u00a0\u00bb][\/et_pb_divider][et_pb_text _builder_version=\u00a0\u00bb4.16&Prime; text_font=\u00a0\u00bbAldrich|300|||||||\u00a0\u00bb text_font_size=\u00a0\u00bb26px\u00a0\u00bb text_line_height=\u00a0\u00bb1.8em\u00a0\u00bb background_layout=\u00a0\u00bbdark\u00a0\u00bb custom_padding=\u00a0\u00bb||80px|||\u00a0\u00bb animation_style=\u00a0\u00bbzoom\u00a0\u00bb animation_direction=\u00a0\u00bbleft\u00a0\u00bb animation_delay=\u00a0\u00bb100ms\u00a0\u00bb animation_intensity_zoom=\u00a0\u00bb10%\u00a0\u00bb global_colors_info=\u00a0\u00bb{}\u00a0\u00bb]<\/p>\n<p><span style=\"font-size: 40px;\">Belin B\u00e9ton<\/span><br \/>Fabrication et vente de b\u00e9ton pr\u00eat \u00e0 l&#8217;emploi<\/p>\n<p>[\/et_pb_text][\/et_pb_column][et_pb_column type=\u00a0\u00bb1_4&Prime; _builder_version=\u00a0\u00bb4.16&Prime; custom_padding=\u00a0\u00bb|||\u00a0\u00bb global_colors_info=\u00a0\u00bb{}\u00a0\u00bb custom_padding__hover=\u00a0\u00bb|||\u00a0\u00bb][\/et_pb_column][\/et_pb_row][\/et_pb_section][et_pb_section fb_built=\u00a0\u00bb1&Prime; _builder_version=\u00a0\u00bb4.16&Prime; custom_padding=\u00a0\u00bb0px|||||\u00a0\u00bb global_colors_info=\u00a0\u00bb{}\u00a0\u00bb][et_pb_row _builder_version=\u00a0\u00bb4.16&Prime; custom_padding=\u00a0\u00bb||2px|||\u00a0\u00bb global_colors_info=\u00a0\u00bb{}\u00a0\u00bb][et_pb_column type=\u00a0\u00bb4_4&Prime; _builder_version=\u00a0\u00bb4.16&Prime; global_colors_info=\u00a0\u00bb{}\u00a0\u00bb][et_pb_text admin_label=\u00a0\u00bbSubtitle\u00a0\u00bb _builder_version=\u00a0\u00bb4.16&Prime; text_font=\u00a0\u00bbMontserrat|500||on|||||\u00a0\u00bb text_text_color=\u00a0\u00bbrgba(0,0,0,0.25)\u00a0\u00bb header_font=\u00a0\u00bb||||||||\u00a0\u00bb text_orientation=\u00a0\u00bbcenter\u00a0\u00bb animation_style=\u00a0\u00bbfade\u00a0\u00bb global_colors_info=\u00a0\u00bb{}\u00a0\u00bb]<\/p>\n<p>B\u00e9ton pr\u00eat \u00e0 l&#8217;emploi<\/p>\n<p>[\/et_pb_text][\/et_pb_column][\/et_pb_row][et_pb_row _builder_version=\u00a0\u00bb4.21.0&Prime; custom_padding=\u00a0\u00bb40px||0px|||\u00a0\u00bb global_colors_info=\u00a0\u00bb{}\u00a0\u00bb][et_pb_column type=\u00a0\u00bb4_4&Prime; _builder_version=\u00a0\u00bb4.16&Prime; global_colors_info=\u00a0\u00bb{}\u00a0\u00bb][et_pb_text _builder_version=\u00a0\u00bb4.21.0&Prime; text_font=\u00a0\u00bb||||||||\u00a0\u00bb text_font_size=\u00a0\u00bb16px\u00a0\u00bb text_line_height=\u00a0\u00bb1.8em\u00a0\u00bb hover_enabled=\u00a0\u00bb0&Prime; global_colors_info=\u00a0\u00bb{}\u00a0\u00bb sticky_enabled=\u00a0\u00bb0&Prime;]<\/p>\n<p>Pour r\u00e9aliser votre projet de construction, faites appel \u00e0 l&rsquo;entreprise\u00a0<a href=\"https:\/\/centrale-beton-aquitaine.fr\/belin-beton\/\"><strong>Belin B\u00e9ton<\/strong><\/a>\u00a0et b\u00e9n\u00e9ficiez de son service de\u00a0<strong>b\u00e9ton pr\u00eat \u00e0 l&#8217;emploi \u00e0 Andernos<\/strong>\u00a0!<\/p>\n<h2>B\u00e9ton pr\u00eat \u00e0 l&#8217;emploi \u00e0 Andernos: Comment concevoir une terrasse ?<\/h2>\n<p>Le b\u00e9ton pr\u00eat \u00e0 l&#8217;emploi est une solution pratique et rentable pour la construction de terrasses. Gr\u00e2ce \u00e0 son m\u00e9lange pr\u00e9cis, le b\u00e9ton pr\u00eat \u00e0 l&#8217;emploi offre la consistance et la r\u00e9sistance n\u00e9cessaires pour garantir la durabilit\u00e9 de votre terrasse. En choisissant le bon type de b\u00e9ton pr\u00eat \u00e0 l&#8217;emploi pour votre projet de terrasse et en suivant les \u00e9tapes de pr\u00e9paration, de coul\u00e9e, de finition et d&rsquo;entretien, vous pouvez \u00eatre s\u00fbr que votre terrasse en b\u00e9ton sera une belle et durable addition \u00e0 votre propri\u00e9t\u00e9.<\/p>\n<h3>D\u00e9terminer la quantit\u00e9 de b\u00e9ton pr\u00eat \u00e0 l&#8217;emploi n\u00e9cessaire pour votre projet de terrasse<\/h3>\n<p>Avant de commander votre b\u00e9ton pr\u00eat \u00e0 l&#8217;emploi, vous devrez d\u00e9terminer la quantit\u00e9 dont vous aurez besoin. Cela d\u00e9pendra de la taille de votre terrasse et de l&rsquo;<strong>\u00e9paisseur du b\u00e9ton<\/strong><span>\u00a0<\/span>que vous souhaitez utiliser. Voici quelques \u00e9tapes simples pour vous aider \u00e0 calculer la quantit\u00e9 de b\u00e9ton dont vous aurez besoin :<\/p>\n<ul>\n<li>Mesurez la longueur et la largeur de votre terrasse en pieds.<\/li>\n<li>Multipliez la longueur par la largeur pour obtenir la surface de votre terrasse en pieds carr\u00e9s.<\/li>\n<li>Multipliez la surface de votre terrasse par l&rsquo;\u00e9paisseur du b\u00e9ton que vous souhaitez utiliser pour obtenir le volume de b\u00e9ton n\u00e9cessaire en pieds cubes.<\/li>\n<\/ul>\n<p>Une fois que vous avez d\u00e9termin\u00e9 la quantit\u00e9 de b\u00e9ton pr\u00eat \u00e0 l&#8217;emploi dont vous avez besoin, vous pouvez passer \u00e0 la<span>\u00a0<\/span><strong>pr\u00e9paration de la coul\u00e9e de b\u00e9ton<\/strong>.<\/p>\n<h3>Pr\u00e9paration de la coul\u00e9e de b\u00e9ton \u00e0 Andernos<\/h3>\n<p>Avant de couler le b\u00e9ton, vous devrez pr\u00e9parer le terrain en cons\u00e9quence. Voici quelques \u00e9tapes simples pour vous aider \u00e0 pr\u00e9parer votre terrasse pour la coul\u00e9e de b\u00e9ton :<\/p>\n<ul>\n<li>Nettoyez la surface de votre terrasse pour \u00e9liminer toute salet\u00e9 ou d\u00e9bris.<\/li>\n<li>Creusez des tranch\u00e9es autour du p\u00e9rim\u00e8tre de votre terrasse pour emp\u00eacher le b\u00e9ton de s&rsquo;\u00e9tendre au-del\u00e0 de la zone pr\u00e9vue.<\/li>\n<li>Installez des bordures de terrasse pour maintenir le b\u00e9ton en place et pour ajouter un aspect esth\u00e9tique \u00e0 votre terrasse.<\/li>\n<li>Nivelez la surface de votre terrasse pour vous assurer que le b\u00e9ton est uniform\u00e9ment r\u00e9parti.<\/li>\n<\/ul>\n<p>Une fois que vous avez pr\u00e9par\u00e9 votre terrasse, vous pouvez passer \u00e0 la coul\u00e9e de b\u00e9ton.<\/p>\n<h3>Coul\u00e9e de b\u00e9ton pour votre terrasse<\/h3>\n<p>La coul\u00e9e de b\u00e9ton est la partie la plus importante de la construction de votre terrasse. Voici quelques \u00e9tapes simples pour vous aider \u00e0 couler le b\u00e9ton correctement :<\/p>\n<ul>\n<li>Pr\u00e9parez votre b\u00e9ton pr\u00eat \u00e0 l&#8217;emploi selon les instructions du fabricant. Assurez-vous que le m\u00e9lange est uniforme et qu&rsquo;il n&rsquo;y a pas de grumeaux.<\/li>\n<li>Versez le b\u00e9ton sur votre terrasse en commen\u00e7ant par le coin le plus \u00e9loign\u00e9 de la maison.<\/li>\n<li>Utilisez une truelle pour<span>\u00a0<\/span><strong>niveler le b\u00e9ton<\/strong><span>\u00a0<\/span>et pour vous assurer qu&rsquo;il est uniform\u00e9ment r\u00e9parti.<\/li>\n<li>Utilisez un flotteur pour lisser la surface du b\u00e9ton et pour \u00e9liminer les bulles d&rsquo;air.<\/li>\n<li>Ajoutez des<span>\u00a0<\/span><strong>joints de dilatation<\/strong><span>\u00a0<\/span>tous les 6 \u00e0 8 pieds pour permettre au b\u00e9ton de se dilater et de se contracter avec les changements de temp\u00e9rature.<\/li>\n<\/ul>\n<h3>Finition du b\u00e9ton de votre terrasse<\/h3>\n<p>Une fois que vous avez coul\u00e9 le b\u00e9ton pour votre terrasse, vous pouvez passer \u00e0 la finition. La finition du b\u00e9ton est une \u00e9tape importante pour assurer la durabilit\u00e9 et l&rsquo;aspect esth\u00e9tique de votre terrasse. Voici quelques \u00e9tapes simples pour vous aider \u00e0 finir votre b\u00e9ton :<\/p>\n<ul>\n<li>Utilisez un balai pour donner une texture antid\u00e9rapante \u00e0 la surface de votre terrasse.<\/li>\n<li>Ajoutez un colorant de b\u00e9ton pour donner une touche de couleur \u00e0 votre terrasse.<\/li>\n<li>Utilisez un scellant pour prot\u00e9ger la surface de votre terrasse contre l&rsquo;eau et les taches.<\/li>\n<\/ul>\n<h3>Durcissement et scellement de votre terrasse en b\u00e9ton<\/h3>\n<p>Une fois que vous avez fini de couler et de finir votre terrasse en b\u00e9ton, il est important de la laisser durcir correctement. Le b\u00e9ton prendra environ 28 jours pour atteindre sa r\u00e9sistance maximale. Pendant cette p\u00e9riode, \u00e9vitez de marcher sur votre terrasse ou de la charger avec des objets lourds.<\/p>\n<p>Apr\u00e8s le durcissement, vous pouvez sceller votre terrasse en b\u00e9ton pour la prot\u00e9ger contre les intemp\u00e9ries et les taches. Utilisez un<span>\u00a0<\/span><strong>scellant de b\u00e9ton<span>\u00a0<\/span><\/strong>de haute qualit\u00e9 pour assurer une protection durable.<\/p>\n<p>[\/et_pb_text][\/et_pb_column][\/et_pb_row][et_pb_row column_structure=\u00a0\u00bb1_2,1_2&Prime; _builder_version=\u00a0\u00bb4.16&Prime; custom_padding=\u00a0\u00bb40px|||||\u00a0\u00bb global_colors_info=\u00a0\u00bb{}\u00a0\u00bb][et_pb_column type=\u00a0\u00bb1_2&Prime; _builder_version=\u00a0\u00bb4.16&Prime; global_colors_info=\u00a0\u00bb{}\u00a0\u00bb][et_pb_text _builder_version=\u00a0\u00bb4.21.0&Prime; text_font=\u00a0\u00bb||||||||\u00a0\u00bb text_font_size=\u00a0\u00bb16px\u00a0\u00bb text_line_height=\u00a0\u00bb1.8em\u00a0\u00bb hover_enabled=\u00a0\u00bb0&Prime; global_colors_info=\u00a0\u00bb{}\u00a0\u00bb sticky_enabled=\u00a0\u00bb0&Prime;]<\/p>\n<h3>Conseils d&rsquo;entretien pour votre terrasse en b\u00e9ton<\/h3>\n<p>Pour assurer la durabilit\u00e9 et l&rsquo;aspect esth\u00e9tique de votre terrasse en b\u00e9ton, voici quelques conseils d&rsquo;entretien \u00e0 suivre :<\/p>\n<ul>\n<li>Nettoyez r\u00e9guli\u00e8rement votre terrasse en utilisant un nettoyant doux et de l&rsquo;eau.<\/li>\n<li>\u00c9vitez d&rsquo;utiliser des produits chimiques agressifs ou des outils abrasifs pour nettoyer votre terrasse.<\/li>\n<li>R\u00e9parez rapidement les fissures ou les affaissements pour \u00e9viter les dommages suppl\u00e9mentaires.<\/li>\n<li>R\u00e9appliquez le scellant tous les deux \u00e0 trois ans pour assurer une protection durable.<\/li>\n<\/ul>\n<p>&nbsp;<\/p>\n<p>L&rsquo;entreprise Belin B\u00e9ton vous propose son service de b\u00e9ton pr\u00eat \u00e0 l&#8217;emploi \u00e0 Andernos et vous propose aussi d&rsquo;autres services, notamment:<\/p>\n<ul>\n<li><a href=\"https:\/\/centrale-beton-aquitaine.fr\/belin-beton\/toupie-beton-andernos\/\">Toupie B\u00e9ton<\/a>,<\/li>\n<li><a href=\"https:\/\/centrale-beton-aquitaine.fr\/belin-beton\/livraison-de-beton-andernos\/\">Livraison de b\u00e9ton<\/a>,<\/li>\n<li><a href=\"https:\/\/centrale-beton-aquitaine.fr\/belin-beton\/livraison-de-beton-le-samedi-andernos\/\">Livraison de b\u00e9ton le samedi<\/a>.<\/li>\n<\/ul>\n<p>[\/et_pb_text][\/et_pb_column][et_pb_column type=\u00a0\u00bb1_2&Prime; _builder_version=\u00a0\u00bb4.16&Prime; global_colors_info=\u00a0\u00bb{}\u00a0\u00bb][et_pb_image src=\u00a0\u00bbhttps:\/\/centrale-beton-aquitaine.fr\/belin-beton\/wp-content\/uploads\/sites\/6\/2023\/05\/285167137_370212895088994_979801956403872747_n.jpg\u00a0\u00bb alt=\u00a0\u00bbCamion toupie livrant du b\u00e9ton pr\u00eat \u00e0 l&#8217;emploi\u00a0\u00bb title_text=\u00a0\u00bbB\u00e9ton pr\u00eat \u00e0 l&#8217;emploi\u00a0\u00bb _builder_version=\u00a0\u00bb4.21.0&Prime; global_colors_info=\u00a0\u00bb{}\u00a0\u00bb][\/et_pb_image][\/et_pb_column][\/et_pb_row][\/et_pb_section][et_pb_section fb_built=\u00a0\u00bb1&Prime; admin_label=\u00a0\u00bbQuote\u00a0\u00bb _builder_version=\u00a0\u00bb4.21.0&Prime; background_color=\u00a0\u00bb#7a7a7a\u00a0\u00bb use_background_color_gradient=\u00a0\u00bbon\u00a0\u00bb background_color_gradient_direction=\u00a0\u00bb120deg\u00a0\u00bb background_color_gradient_stops=\u00a0\u00bbrgba(40,40,40,0.68) 0%|rgba(40,40,40,0.03) 99%\u00a0\u00bb background_color_gradient_overlays_image=\u00a0\u00bbon\u00a0\u00bb background_image=\u00a0\u00bbhttps:\/\/centrale-beton-aquitaine.fr\/belin-beton\/wp-content\/uploads\/sites\/6\/2023\/05\/creative-gray-surface-with-squares.jpg\u00a0\u00bb background_enable_image=\u00a0\u00bboff\u00a0\u00bb parallax=\u00a0\u00bbon\u00a0\u00bb parallax_method=\u00a0\u00bboff\u00a0\u00bb background_blend=\u00a0\u00bbmultiply\u00a0\u00bb max_width=\u00a0\u00bb75%\u00a0\u00bb max_width_tablet=\u00a0\u00bb100%\u00a0\u00bb max_width_phone=\u00a0\u00bb\u00a0\u00bb max_width_last_edited=\u00a0\u00bbon|desktop\u00a0\u00bb custom_margin=\u00a0\u00bb|||\u00a0\u00bb custom_padding=\u00a0\u00bb||0px||false|false\u00a0\u00bb filter_saturate=\u00a0\u00bb108%\u00a0\u00bb filter_contrast=\u00a0\u00bb107%\u00a0\u00bb global_module=\u00a0\u00bb144&Prime; saved_tabs=\u00a0\u00bball\u00a0\u00bb global_colors_info=\u00a0\u00bb{}\u00a0\u00bb][et_pb_row column_structure=\u00a0\u00bb1_2,1_2&Prime; _builder_version=\u00a0\u00bb4.16&Prime; max_width=\u00a0\u00bb80%\u00a0\u00bb custom_margin=\u00a0\u00bb|-3%|||false|false\u00a0\u00bb custom_margin_tablet=\u00a0\u00bb|10%||10%\u00a0\u00bb custom_margin_phone=\u00a0\u00bb\u00a0\u00bb custom_margin_last_edited=\u00a0\u00bbon|desktop\u00a0\u00bb custom_padding=\u00a0\u00bb|||\u00a0\u00bb use_custom_width=\u00a0\u00bbon\u00a0\u00bb width_unit=\u00a0\u00bboff\u00a0\u00bb global_colors_info=\u00a0\u00bb{}\u00a0\u00bb][et_pb_column type=\u00a0\u00bb1_2&Prime; _builder_version=\u00a0\u00bb4.16&Prime; custom_padding=\u00a0\u00bb|||\u00a0\u00bb global_colors_info=\u00a0\u00bb{}\u00a0\u00bb custom_padding__hover=\u00a0\u00bb|||\u00a0\u00bb][et_pb_text _builder_version=\u00a0\u00bb4.21.0&Prime; text_font=\u00a0\u00bb||||||||\u00a0\u00bb text_font_size=\u00a0\u00bb17px\u00a0\u00bb text_line_height=\u00a0\u00bb1.6em\u00a0\u00bb header_font=\u00a0\u00bb||||||||\u00a0\u00bb background_layout=\u00a0\u00bbdark\u00a0\u00bb animation_style=\u00a0\u00bbfade\u00a0\u00bb global_colors_info=\u00a0\u00bb{}\u00a0\u00bb]<\/p>\n<h2 style=\"margin-bottom: 20px;\" class=\"devis\">Expert b\u00e9ton pr\u00eat \u00e0 l&#8217;emploi<\/h2>\n<p>Belin B\u00e9ton peut \u00e9galement vous livrer le samedi matin !<br \/>Pour avoir des renseignements ou pour toute demande de devis, n&rsquo;h\u00e9sitez pas \u00e0 contacter notre \u00e9quipe.<\/p>\n<p>[\/et_pb_text][et_pb_button button_url=\u00a0\u00bb\/belin-beton\/contact\u00a0\u00bb button_text=\u00a0\u00bbNous contacter\u00a0\u00bb button_alignment=\u00a0\u00bbleft\u00a0\u00bb _builder_version=\u00a0\u00bb4.21.0&Prime; custom_button=\u00a0\u00bbon\u00a0\u00bb button_text_size=\u00a0\u00bb18px\u00a0\u00bb button_text_color=\u00a0\u00bb#ffffff\u00a0\u00bb background_layout=\u00a0\u00bbdark\u00a0\u00bb global_colors_info=\u00a0\u00bb{}\u00a0\u00bb][\/et_pb_button][\/et_pb_column][et_pb_column type=\u00a0\u00bb1_2&Prime; _builder_version=\u00a0\u00bb4.16&Prime; custom_padding=\u00a0\u00bb|||\u00a0\u00bb global_colors_info=\u00a0\u00bb{}\u00a0\u00bb custom_padding__hover=\u00a0\u00bb|||\u00a0\u00bb][et_pb_image src=\u00a0\u00bbhttps:\/\/centrale-beton-aquitaine.fr\/belin-beton\/wp-content\/uploads\/sites\/6\/2023\/05\/medoc-beton-realisations-21.jpg\u00a0\u00bb alt=\u00a0\u00bbCamion toupie livrant du b\u00e9ton pr\u00eat \u00e0 l&#8217;emploi\u00a0\u00bb title_text=\u00a0\u00bbmedoc-beton-realisations-21&Prime; align_tablet=\u00a0\u00bbcenter\u00a0\u00bb align_phone=\u00a0\u00bb\u00a0\u00bb align_last_edited=\u00a0\u00bbon|desktop\u00a0\u00bb _builder_version=\u00a0\u00bb4.21.0&Prime; positioning=\u00a0\u00bbrelative\u00a0\u00bb horizontal_offset=\u00a0\u00bb86px\u00a0\u00bb horizontal_offset_tablet=\u00a0\u00bb-9px\u00a0\u00bb horizontal_offset_phone=\u00a0\u00bb\u00a0\u00bb horizontal_offset_last_edited=\u00a0\u00bbon|phone\u00a0\u00bb custom_margin=\u00a0\u00bb||-60px|15px|false|false\u00a0\u00bb custom_margin_tablet=\u00a0\u00bb\u00a0\u00bb custom_margin_phone=\u00a0\u00bb\u00a0\u00bb custom_margin_last_edited=\u00a0\u00bbon|tablet\u00a0\u00bb filter_saturate=\u00a0\u00bb106%\u00a0\u00bb filter_brightness=\u00a0\u00bb91%\u00a0\u00bb filter_contrast=\u00a0\u00bb109%\u00a0\u00bb animation_style=\u00a0\u00bbslide\u00a0\u00bb animation_direction=\u00a0\u00bbleft\u00a0\u00bb animation_intensity_slide=\u00a0\u00bb5%\u00a0\u00bb module_alignment_tablet=\u00a0\u00bbcenter\u00a0\u00bb module_alignment_phone=\u00a0\u00bbcenter\u00a0\u00bb module_alignment_last_edited=\u00a0\u00bbon|desktop\u00a0\u00bb box_shadow_style=\u00a0\u00bbpreset3&Prime; box_shadow_vertical=\u00a0\u00bb45px\u00a0\u00bb box_shadow_blur=\u00a0\u00bb62px\u00a0\u00bb box_shadow_color=\u00a0\u00bbrgba(18,47,100,0.2)\u00a0\u00bb global_colors_info=\u00a0\u00bb{}\u00a0\u00bb][\/et_pb_image][\/et_pb_column][\/et_pb_row][\/et_pb_section][et_pb_section fb_built=\u00a0\u00bb1&Prime; admin_label=\u00a0\u00bbRegister\u00a0\u00bb _builder_version=\u00a0\u00bb4.21.0&Prime; use_background_color_gradient=\u00a0\u00bbon\u00a0\u00bb background_color_gradient_direction=\u00a0\u00bb240deg\u00a0\u00bb background_color_gradient_stops=\u00a0\u00bb#ffffff 0%|rgba(255,255,255,0.3) 100%\u00a0\u00bb background_color_gradient_overlays_image=\u00a0\u00bbon\u00a0\u00bb background_color_gradient_start=\u00a0\u00bb#ffffff\u00a0\u00bb background_color_gradient_end=\u00a0\u00bbrgba(255,255,255,0.3)\u00a0\u00bb background_image=\u00a0\u00bbhttps:\/\/centrale-beton-aquitaine.fr\/belin-beton\/wp-content\/uploads\/sites\/6\/2023\/05\/abstract-structure-with-reinforced-concrete-walls-side-lights-3d-render.jpg\u00a0\u00bb parallax=\u00a0\u00bbon\u00a0\u00bb parallax_method=\u00a0\u00bboff\u00a0\u00bb background_blend=\u00a0\u00bbmultiply\u00a0\u00bb custom_margin=\u00a0\u00bb69px|||||\u00a0\u00bb custom_padding=\u00a0\u00bb40px||40px|||\u00a0\u00bb filter_contrast=\u00a0\u00bb128%\u00a0\u00bb animation_style=\u00a0\u00bbslide\u00a0\u00bb animation_direction=\u00a0\u00bbbottom\u00a0\u00bb animation_intensity_slide=\u00a0\u00bb10%\u00a0\u00bb animation_starting_opacity=\u00a0\u00bb100%\u00a0\u00bb background_color_gradient_stops_tablet=\u00a0\u00bb#ffffff 0%|rgba(255,255,255,0.3) 100%\u00a0\u00bb background_color_gradient_stops_phone=\u00a0\u00bb#ffffff 0%|rgba(255,255,255,0.3) 100%\u00a0\u00bb global_module=\u00a0\u00bb88&Prime; saved_tabs=\u00a0\u00bball\u00a0\u00bb global_colors_info=\u00a0\u00bb{}\u00a0\u00bb][et_pb_row _builder_version=\u00a0\u00bb4.16&Prime; global_colors_info=\u00a0\u00bb{}\u00a0\u00bb][et_pb_column type=\u00a0\u00bb4_4&Prime; _builder_version=\u00a0\u00bb4.16&Prime; custom_padding=\u00a0\u00bb|||\u00a0\u00bb global_colors_info=\u00a0\u00bb{}\u00a0\u00bb custom_padding__hover=\u00a0\u00bb|||\u00a0\u00bb][et_pb_text admin_label=\u00a0\u00bbSubtitle\u00a0\u00bb _builder_version=\u00a0\u00bb4.21.0&Prime; text_font=\u00a0\u00bbMontserrat|500||on|||||\u00a0\u00bb text_text_color=\u00a0\u00bb#FFFFFF\u00a0\u00bb text_orientation=\u00a0\u00bbcenter\u00a0\u00bb animation_style=\u00a0\u00bbfade\u00a0\u00bb global_colors_info=\u00a0\u00bb{}\u00a0\u00bb]<\/p>\n<p>Norme qualit\u00e9<\/p>\n<p>[\/et_pb_text][et_pb_text _builder_version=\u00a0\u00bb4.21.0&Prime; text_font=\u00a0\u00bb|600||on|||||\u00a0\u00bb text_text_color=\u00a0\u00bb#FFFFFF\u00a0\u00bb text_font_size=\u00a0\u00bb20px\u00a0\u00bb text_line_height=\u00a0\u00bb1em\u00a0\u00bb header_font=\u00a0\u00bb||||||||\u00a0\u00bb text_orientation=\u00a0\u00bbcenter\u00a0\u00bb max_width=\u00a0\u00bb700px\u00a0\u00bb module_alignment=\u00a0\u00bbcenter\u00a0\u00bb custom_margin=\u00a0\u00bb||-1px|||\u00a0\u00bb animation_style=\u00a0\u00bbfade\u00a0\u00bb global_colors_info=\u00a0\u00bb{}\u00a0\u00bb]<\/p>\n<p><img loading=\"lazy\" decoding=\"async\" src=\"https:\/\/centrale-beton-aquitaine.fr\/belin-beton\/wp-content\/uploads\/sites\/6\/2020\/06\/certification-marque-nf-300x218.png\" alt=\"Norme NF\" class=\"wp-image-81 alignnone size-medium\" width=\"83\" height=\"60\" srcset=\"https:\/\/centrale-beton-aquitaine.fr\/belin-beton\/wp-content\/uploads\/sites\/6\/2020\/06\/certification-marque-nf-300x218.png 300w, https:\/\/centrale-beton-aquitaine.fr\/belin-beton\/wp-content\/uploads\/sites\/6\/2020\/06\/certification-marque-nf.png 400w\" sizes=\"(max-width: 83px) 100vw, 83px\" \/><\/p>\n<p>Nos produits sont conformes \u00e0 la norme NF EN 206<\/p>\n<p>[\/et_pb_text][\/et_pb_column][\/et_pb_row][\/et_pb_section]<\/p>\n","protected":false},"excerpt":{"rendered":"<p>B\u00e9ton pr\u00eat \u00e0 l&#8217;emploiAndernosBelin B\u00e9tonFabrication et vente de b\u00e9ton pr\u00eat \u00e0 l&#8217;emploiB\u00e9ton pr\u00eat \u00e0 l&#8217;emploiPour r\u00e9aliser votre projet de construction, faites appel \u00e0 l&rsquo;entreprise\u00a0Belin B\u00e9ton\u00a0et b\u00e9n\u00e9ficiez de son service de\u00a0b\u00e9ton pr\u00eat \u00e0 l&#8217;emploi \u00e0 Andernos\u00a0! B\u00e9ton pr\u00eat \u00e0 l&#8217;emploi \u00e0 Andernos: Comment concevoir une terrasse ? Le b\u00e9ton pr\u00eat \u00e0 l&#8217;emploi est une solution pratique et rentable pour la construction de terrasses. Gr\u00e2ce \u00e0 son m\u00e9lange pr\u00e9cis, le b\u00e9ton pr\u00eat \u00e0 l&#8217;emploi offre la consistance et la r\u00e9sistance n\u00e9cessaires pour garantir la durabilit\u00e9 de votre terrasse. En choisissant le bon type de b\u00e9ton pr\u00eat \u00e0 l&#8217;emploi pour votre projet de terrasse et en suivant les \u00e9tapes de pr\u00e9paration, de coul\u00e9e, de finition et d&rsquo;entretien, vous pouvez \u00eatre s\u00fbr que votre terrasse en b\u00e9ton sera une belle et durable addition \u00e0 votre propri\u00e9t\u00e9. D\u00e9terminer la quantit\u00e9 de b\u00e9ton pr\u00eat \u00e0 l&#8217;emploi n\u00e9cessaire pour votre projet de terrasse Avant de commander votre b\u00e9ton pr\u00eat \u00e0 l&#8217;emploi, vous devrez d\u00e9terminer la quantit\u00e9 dont vous aurez besoin. Cela d\u00e9pendra de la taille de votre terrasse et de l&rsquo;\u00e9paisseur du b\u00e9ton\u00a0que vous souhaitez utiliser. Voici quelques \u00e9tapes simples pour vous aider \u00e0 calculer la quantit\u00e9 de b\u00e9ton dont vous aurez besoin : Mesurez la longueur [&hellip;]<\/p>\n","protected":false},"author":1,"featured_media":184,"parent":0,"menu_order":0,"comment_status":"closed","ping_status":"closed","template":"","meta":{"_et_pb_use_builder":"on","_et_pb_old_content":"","_et_gb_content_width":"","footnotes":""},"yoast_head":"<!-- This site is optimized with the Yoast SEO plugin v24.5 - https:\/\/yoast.com\/wordpress\/plugins\/seo\/ -->\n<title>B\u00e9ton pr\u00eat \u00e0 l&#039;emploi Andernos, nos prestations - Belin B\u00e9ton<\/title>\n<meta name=\"description\" content=\"Vous recherchez du b\u00e9ton pr\u00eat \u00e0 l&#039;emploi \u00e0 Andernos ? Belin B\u00e9ton fabrique et livre du b\u00e9ton pr\u00eat \u00e0 l&#039;emploi pour les entreprises et les particuliers.\" \/>\n<meta name=\"robots\" content=\"index, follow, max-snippet:-1, max-image-preview:large, max-video-preview:-1\" \/>\n<link rel=\"canonical\" href=\"https:\/\/centrale-beton-aquitaine.fr\/belin-beton\/beton-pret-emploi-andernos\/\" \/>\n<meta property=\"og:locale\" content=\"fr_FR\" \/>\n<meta property=\"og:type\" content=\"article\" \/>\n<meta property=\"og:title\" content=\"B\u00e9ton pr\u00eat \u00e0 l&#039;emploi Andernos, nos prestations - Belin B\u00e9ton\" \/>\n<meta property=\"og:description\" content=\"Vous recherchez du b\u00e9ton pr\u00eat \u00e0 l&#039;emploi \u00e0 Andernos ? Belin B\u00e9ton fabrique et livre du b\u00e9ton pr\u00eat \u00e0 l&#039;emploi pour les entreprises et les particuliers.\" \/>\n<meta property=\"og:url\" content=\"https:\/\/centrale-beton-aquitaine.fr\/belin-beton\/beton-pret-emploi-andernos\/\" \/>\n<meta property=\"og:site_name\" content=\"Belin B\u00e9ton\" \/>\n<meta property=\"article:modified_time\" content=\"2023-06-02T14:21:07+00:00\" \/>\n<meta property=\"og:image\" content=\"http:\/\/centrale-beton-aquitaine.fr\/belin-beton\/wp-content\/uploads\/sites\/6\/2020\/06\/camion-toupie-beton-pret-a-l-emploi.jpg\" \/>\n\t<meta property=\"og:image:width\" content=\"640\" \/>\n\t<meta property=\"og:image:height\" content=\"445\" \/>\n\t<meta property=\"og:image:type\" content=\"image\/jpeg\" \/>\n<meta name=\"twitter:card\" content=\"summary_large_image\" \/>\n<meta name=\"twitter:label1\" content=\"Dur\u00e9e de lecture estim\u00e9e\" \/>\n\t<meta name=\"twitter:data1\" content=\"10 minutes\" \/>\n<script type=\"application\/ld+json\" class=\"yoast-schema-graph\">{\"@context\":\"https:\/\/schema.org\",\"@graph\":[{\"@type\":\"WebPage\",\"@id\":\"https:\/\/centrale-beton-aquitaine.fr\/belin-beton\/beton-pret-emploi-andernos\/\",\"url\":\"https:\/\/centrale-beton-aquitaine.fr\/belin-beton\/beton-pret-emploi-andernos\/\",\"name\":\"B\u00e9ton pr\u00eat \u00e0 l'emploi Andernos, nos prestations - Belin B\u00e9ton\",\"isPartOf\":{\"@id\":\"https:\/\/centrale-beton-aquitaine.fr\/belin-beton\/#website\"},\"primaryImageOfPage\":{\"@id\":\"https:\/\/centrale-beton-aquitaine.fr\/belin-beton\/beton-pret-emploi-andernos\/#primaryimage\"},\"image\":{\"@id\":\"https:\/\/centrale-beton-aquitaine.fr\/belin-beton\/beton-pret-emploi-andernos\/#primaryimage\"},\"thumbnailUrl\":\"https:\/\/centrale-beton-aquitaine.fr\/belin-beton\/wp-content\/uploads\/sites\/6\/2020\/06\/camion-toupie-beton-pret-a-l-emploi.jpg\",\"datePublished\":\"2020-06-15T08:17:04+00:00\",\"dateModified\":\"2023-06-02T14:21:07+00:00\",\"description\":\"Vous recherchez du b\u00e9ton pr\u00eat \u00e0 l'emploi \u00e0 Andernos ? Belin B\u00e9ton fabrique et livre du b\u00e9ton pr\u00eat \u00e0 l'emploi pour les entreprises et les particuliers.\",\"breadcrumb\":{\"@id\":\"https:\/\/centrale-beton-aquitaine.fr\/belin-beton\/beton-pret-emploi-andernos\/#breadcrumb\"},\"inLanguage\":\"fr-FR\",\"potentialAction\":[{\"@type\":\"ReadAction\",\"target\":[\"https:\/\/centrale-beton-aquitaine.fr\/belin-beton\/beton-pret-emploi-andernos\/\"]}]},{\"@type\":\"ImageObject\",\"inLanguage\":\"fr-FR\",\"@id\":\"https:\/\/centrale-beton-aquitaine.fr\/belin-beton\/beton-pret-emploi-andernos\/#primaryimage\",\"url\":\"https:\/\/centrale-beton-aquitaine.fr\/belin-beton\/wp-content\/uploads\/sites\/6\/2020\/06\/camion-toupie-beton-pret-a-l-emploi.jpg\",\"contentUrl\":\"https:\/\/centrale-beton-aquitaine.fr\/belin-beton\/wp-content\/uploads\/sites\/6\/2020\/06\/camion-toupie-beton-pret-a-l-emploi.jpg\",\"width\":640,\"height\":445,\"caption\":\"Camion toupie livrant du b\u00e9ton pr\u00eat \u00e0 l'emploi\"},{\"@type\":\"BreadcrumbList\",\"@id\":\"https:\/\/centrale-beton-aquitaine.fr\/belin-beton\/beton-pret-emploi-andernos\/#breadcrumb\",\"itemListElement\":[{\"@type\":\"ListItem\",\"position\":1,\"name\":\"Accueil\",\"item\":\"https:\/\/centrale-beton-aquitaine.fr\/belin-beton\/\"},{\"@type\":\"ListItem\",\"position\":2,\"name\":\"B\u00e9ton pr\u00eat \u00e0 l&#8217;emploi Andernos\"}]},{\"@type\":\"WebSite\",\"@id\":\"https:\/\/centrale-beton-aquitaine.fr\/belin-beton\/#website\",\"url\":\"https:\/\/centrale-beton-aquitaine.fr\/belin-beton\/\",\"name\":\"Belin B\u00e9ton\",\"description\":\"Fabrication et vente de b\u00e9ton pr\u00eat \u00e0 l&#039;emploi\",\"potentialAction\":[{\"@type\":\"SearchAction\",\"target\":{\"@type\":\"EntryPoint\",\"urlTemplate\":\"https:\/\/centrale-beton-aquitaine.fr\/belin-beton\/?s={search_term_string}\"},\"query-input\":{\"@type\":\"PropertyValueSpecification\",\"valueRequired\":true,\"valueName\":\"search_term_string\"}}],\"inLanguage\":\"fr-FR\"}]}<\/script>\n<!-- \/ Yoast SEO plugin. -->","yoast_head_json":{"title":"B\u00e9ton pr\u00eat \u00e0 l'emploi Andernos, nos prestations - Belin B\u00e9ton","description":"Vous recherchez du b\u00e9ton pr\u00eat \u00e0 l'emploi \u00e0 Andernos ? Belin B\u00e9ton fabrique et livre du b\u00e9ton pr\u00eat \u00e0 l'emploi pour les entreprises et les particuliers.","robots":{"index":"index","follow":"follow","max-snippet":"max-snippet:-1","max-image-preview":"max-image-preview:large","max-video-preview":"max-video-preview:-1"},"canonical":"https:\/\/centrale-beton-aquitaine.fr\/belin-beton\/beton-pret-emploi-andernos\/","og_locale":"fr_FR","og_type":"article","og_title":"B\u00e9ton pr\u00eat \u00e0 l'emploi Andernos, nos prestations - Belin B\u00e9ton","og_description":"Vous recherchez du b\u00e9ton pr\u00eat \u00e0 l'emploi \u00e0 Andernos ? Belin B\u00e9ton fabrique et livre du b\u00e9ton pr\u00eat \u00e0 l'emploi pour les entreprises et les particuliers.","og_url":"https:\/\/centrale-beton-aquitaine.fr\/belin-beton\/beton-pret-emploi-andernos\/","og_site_name":"Belin B\u00e9ton","article_modified_time":"2023-06-02T14:21:07+00:00","og_image":[{"width":640,"height":445,"url":"http:\/\/centrale-beton-aquitaine.fr\/belin-beton\/wp-content\/uploads\/sites\/6\/2020\/06\/camion-toupie-beton-pret-a-l-emploi.jpg","type":"image\/jpeg"}],"twitter_card":"summary_large_image","twitter_misc":{"Dur\u00e9e de lecture estim\u00e9e":"10 minutes"},"schema":{"@context":"https:\/\/schema.org","@graph":[{"@type":"WebPage","@id":"https:\/\/centrale-beton-aquitaine.fr\/belin-beton\/beton-pret-emploi-andernos\/","url":"https:\/\/centrale-beton-aquitaine.fr\/belin-beton\/beton-pret-emploi-andernos\/","name":"B\u00e9ton pr\u00eat \u00e0 l'emploi Andernos, nos prestations - Belin B\u00e9ton","isPartOf":{"@id":"https:\/\/centrale-beton-aquitaine.fr\/belin-beton\/#website"},"primaryImageOfPage":{"@id":"https:\/\/centrale-beton-aquitaine.fr\/belin-beton\/beton-pret-emploi-andernos\/#primaryimage"},"image":{"@id":"https:\/\/centrale-beton-aquitaine.fr\/belin-beton\/beton-pret-emploi-andernos\/#primaryimage"},"thumbnailUrl":"https:\/\/centrale-beton-aquitaine.fr\/belin-beton\/wp-content\/uploads\/sites\/6\/2020\/06\/camion-toupie-beton-pret-a-l-emploi.jpg","datePublished":"2020-06-15T08:17:04+00:00","dateModified":"2023-06-02T14:21:07+00:00","description":"Vous recherchez du b\u00e9ton pr\u00eat \u00e0 l'emploi \u00e0 Andernos ? Belin B\u00e9ton fabrique et livre du b\u00e9ton pr\u00eat \u00e0 l'emploi pour les entreprises et les particuliers.","breadcrumb":{"@id":"https:\/\/centrale-beton-aquitaine.fr\/belin-beton\/beton-pret-emploi-andernos\/#breadcrumb"},"inLanguage":"fr-FR","potentialAction":[{"@type":"ReadAction","target":["https:\/\/centrale-beton-aquitaine.fr\/belin-beton\/beton-pret-emploi-andernos\/"]}]},{"@type":"ImageObject","inLanguage":"fr-FR","@id":"https:\/\/centrale-beton-aquitaine.fr\/belin-beton\/beton-pret-emploi-andernos\/#primaryimage","url":"https:\/\/centrale-beton-aquitaine.fr\/belin-beton\/wp-content\/uploads\/sites\/6\/2020\/06\/camion-toupie-beton-pret-a-l-emploi.jpg","contentUrl":"https:\/\/centrale-beton-aquitaine.fr\/belin-beton\/wp-content\/uploads\/sites\/6\/2020\/06\/camion-toupie-beton-pret-a-l-emploi.jpg","width":640,"height":445,"caption":"Camion toupie livrant du b\u00e9ton pr\u00eat \u00e0 l'emploi"},{"@type":"BreadcrumbList","@id":"https:\/\/centrale-beton-aquitaine.fr\/belin-beton\/beton-pret-emploi-andernos\/#breadcrumb","itemListElement":[{"@type":"ListItem","position":1,"name":"Accueil","item":"https:\/\/centrale-beton-aquitaine.fr\/belin-beton\/"},{"@type":"ListItem","position":2,"name":"B\u00e9ton pr\u00eat \u00e0 l&#8217;emploi Andernos"}]},{"@type":"WebSite","@id":"https:\/\/centrale-beton-aquitaine.fr\/belin-beton\/#website","url":"https:\/\/centrale-beton-aquitaine.fr\/belin-beton\/","name":"Belin B\u00e9ton","description":"Fabrication et vente de b\u00e9ton pr\u00eat \u00e0 l&#039;emploi","potentialAction":[{"@type":"SearchAction","target":{"@type":"EntryPoint","urlTemplate":"https:\/\/centrale-beton-aquitaine.fr\/belin-beton\/?s={search_term_string}"},"query-input":{"@type":"PropertyValueSpecification","valueRequired":true,"valueName":"search_term_string"}}],"inLanguage":"fr-FR"}]}},"_links":{"self":[{"href":"https:\/\/centrale-beton-aquitaine.fr\/belin-beton\/wp-json\/wp\/v2\/pages\/280"}],"collection":[{"href":"https:\/\/centrale-beton-aquitaine.fr\/belin-beton\/wp-json\/wp\/v2\/pages"}],"about":[{"href":"https:\/\/centrale-beton-aquitaine.fr\/belin-beton\/wp-json\/wp\/v2\/types\/page"}],"author":[{"embeddable":true,"href":"https:\/\/centrale-beton-aquitaine.fr\/belin-beton\/wp-json\/wp\/v2\/users\/1"}],"replies":[{"embeddable":true,"href":"https:\/\/centrale-beton-aquitaine.fr\/belin-beton\/wp-json\/wp\/v2\/comments?post=280"}],"version-history":[{"count":9,"href":"https:\/\/centrale-beton-aquitaine.fr\/belin-beton\/wp-json\/wp\/v2\/pages\/280\/revisions"}],"predecessor-version":[{"id":1103,"href":"https:\/\/centrale-beton-aquitaine.fr\/belin-beton\/wp-json\/wp\/v2\/pages\/280\/revisions\/1103"}],"wp:featuredmedia":[{"embeddable":true,"href":"https:\/\/centrale-beton-aquitaine.fr\/belin-beton\/wp-json\/wp\/v2\/media\/184"}],"wp:attachment":[{"href":"https:\/\/centrale-beton-aquitaine.fr\/belin-beton\/wp-json\/wp\/v2\/media?parent=280"}],"curies":[{"name":"wp","href":"https:\/\/api.w.org\/{rel}","templated":true}]}}